{"id":24848,"date":"2019-05-14T17:43:30","date_gmt":"2019-05-14T20:43:30","guid":{"rendered":"https:\/\/sinpro-rio.org.br\/principal\/site\/?page_id=24848"},"modified":"2026-04-29T11:55:39","modified_gmt":"2026-04-29T14:55:39","slug":"quem-somos","status":"publish","type":"page","link":"https:\/\/www.sinpro-rio.org.br\/principal\/quem-somos\/","title":{"rendered":"Quem somos"},"content":{"rendered":"Oi Sinpro\r\n\r\n\r\n\r\n\r\n<div class=\"accordion  clearfix \">\r\n<div class=\"acctitle acctitlec \" style=\"color: #00008b;\"><i class=\"acc-closed icon-ok-circle\"><\/i><i class=\"acc-open icon-remove-circle\"><\/i>SOBRE O SINPRO<\/div>\r\n<div class=\"acc_content clearfix\" style=\"display: block;\">\r\n<p>XX As sucessivas pol\u00edticas neoliberais nos anos FHC (1994-2002), com seus projetos antissociais e antissindicais, exigiu um novo sindicalismo, que fosse al\u00e9m da luta meramente corporativa e em a\u00e7\u00e3o para a defesa apenas do sal\u00e1rio, emprego e condi\u00e7\u00f5es de trabalho.<\/p>\r\n<p>Foi preciso que os sindicatos agissem tamb\u00e9m politicamente na busca da cidadania, ampliando a sua base de atua\u00e7\u00e3o, incrementando a\u00e7\u00f5es coletivas em conson\u00e2ncia com os movimentos populares, colocando em sua ordem do dia as lutas contra todas as formas de exclus\u00e3o social e por conquistas sociais, al\u00e9m da utiliza\u00e7\u00e3o de todas as formas modernas de comunica\u00e7\u00e3o com as suas categorias e a sociedade.<\/p>\r\n<p>A atual diretoria do Sinpro-Rio, desde o (des)governo Fernando Henrique Cardoso, j\u00e1 come\u00e7ou a seguir esta linha de atua\u00e7\u00e3o e pretende, neste novo Brasil, ampli\u00e1-la ainda mais.<\/p>\r\n<p>\u201cMas quem \u00e9 o Sindicato? Ele fica sentado em sua casa com o telefone? Seus pensamentos s\u00e3o secretos, suas decis\u00f5es desconhecidas? Quem \u00e9 ele? N\u00f3s somos ele. Voc\u00ea, eu, voc\u00eas, n\u00f3s todos. Ele veste a sua roupa, companheiro, e pensa com sua cabe\u00e7a. Onde moro \u00e9 a casa dele, e quando voc\u00ea \u00e9 atacado ele luta. Mostre-nos o caminho que devemos seguir e n\u00f3s seguiremos com voc\u00ea. Mas n\u00e3o siga sem n\u00f3s o caminho correto: ele \u00e9 sem n\u00f3s o mais errado. N\u00e3o se afaste de n\u00f3s, podemos errar e voc\u00ea ter raz\u00e3o, portanto n\u00e3o se afaste de n\u00f3s! Que o caminho curto \u00e9 melhor que o longo ningu\u00e9m nega, mas quando algu\u00e9m o conhece e n\u00e3o \u00e9 capaz de mostr\u00e1-lo a n\u00f3s, de que nos serve sua sabedoria? Seja s\u00e1bio conosco! N\u00e3o se afaste de n\u00f3s!\u201d<\/p>\r\n<p>Bertold Brecht<\/p>\r\n<\/div>\r\n<div class=\"acctitle\" style=\"color: #00008b;\"><i class=\"acc-closed icon-ok-circle\"><\/i><i class=\"acc-open icon-remove-circle\"><\/i>ESTATUTO<\/div>\r\n<div class=\"acc_content clearfix\" style=\"display: none;\">\r\n<p>Baixe <a href=\"https:\/\/www.sinpro-rio.org.br\/site\/admin\/assets\/uploads\/files\/d40d0-estatuto.pdf\" target=\"_blank\" rel=\"noopener noreferrer\">aqui<\/a><\/p>\r\n<\/div>\r\n<div class=\"acctitle\" style=\"color: #00008b;\"><i class=\"acc-closed icon-ok-circle\"><\/i><i class=\"acc-open icon-remove-circle\"><\/i>DIRETORIA<\/div>\r\n<div class=\"acc_content clearfix\" style=\"display: none;\">\r\n<table cellspacing=\"0\" cellpadding=\"0\">\r\n<tbody>\r\n<tr class=\"odd\">\r\n<th scope=\"row\">Presidente<\/th>\r\n<td>Elson Sim\u00f5es de Paiva<\/td>\r\n<\/tr>\r\n<tr>\r\n<th scope=\"row\">1\u00ba Vice-presidente<\/th>\r\n<td>Marcelo Pereira<\/td>\r\n<\/tr>\r\n<tr class=\"odd\">\r\n<th scope=\"row\">2\u00ba Vice-presidente<\/th>\r\n<td>M\u00e1rcio Franco Xavier<\/td>\r\n<\/tr>\r\n<tr>\r\n<th scope=\"row\">1\u00aa Secretaria Geral<\/th>\r\n<td>Afonso Celso Teixeira<\/td>\r\n<\/tr>\r\n<tr class=\"odd\">\r\n<th scope=\"row\">2\u00aa Secretaria Geral<\/th>\r\n<td>Maria Marta de Andrade Cerqueira<\/td>\r\n<\/tr>\r\n<tr>\r\n<th scope=\"row\">x1\u00aa Secretaria de Finan\u00e7as<\/th>\r\n<td>X X X Oswaldo Lu\u00eds Cordeiro Teles<\/td>\r\n<\/tr>\r\n<tr class=\"odd\">\r\n<th scope=\"row\">2\u00aa Secretaria de Finan\u00e7as<\/th>\r\n<td>Arnaldo Borba J\u00fanior<\/td>\r\n<\/tr>\r\n<tr>\r\n<th scope=\"row\">1\u00aa Secretaria Jur\u00eddica<\/th>\r\n<td>F\u00e1bio Rodrigo Conde<\/td>\r\n<\/tr>\r\n<tr class=\"odd\">\r\n<th scope=\"row\">2\u00aa Secretaria Jur\u00eddica<\/th>\r\n<td>Maria Alice Alkmim<\/td>\r\n<\/tr>\r\n<tr>\r\n<th scope=\"row\">1\u00aa Secretaria de Rela\u00e7\u00f5es Pol\u00edticas e Sindicais<\/th>\r\n<td>Jo\u00e3o Jorge de Ara\u00fajo Arm\u00eanio<\/td>\r\n<\/tr>\r\n<tr class=\"odd\">\r\n<th scope=\"row\">2\u00aa Secretaria de Rela\u00e7\u00f5es Pol\u00edticas e Sindicais<\/th>\r\n<td>H\u00e9lio Maia<\/td>\r\n<\/tr>\r\n<tr>\r\n<th scope=\"row\">1\u00aa Secretaria de Comunica\u00e7\u00e3o Sindical<\/th>\r\n<td>Ant\u00f4nio Rodrigues da Silva<\/td>\r\n<\/tr>\r\n<tr class=\"odd\">\r\n<th scope=\"row\">2\u00aa Secretaria de Comunica\u00e7\u00e3o Sindical<\/th>\r\n<td>Bruno M\u00fcller Mata da Silva<\/td>\r\n<\/tr>\r\n<tr>\r\n<th scope=\"row\">1\u00aa Secretaria de Educa\u00e7\u00e3o e Cultura<\/th>\r\n<td>Andr\u00e9a Cristina Teodoro<\/td>\r\n<\/tr>\r\n<tr class=\"odd\">\r\n<th scope=\"row\">2\u00aa Secretaria de Educa\u00e7\u00e3o e Cultura<\/th>\r\n<td>Fernando Ant\u00f4nio Vieira<\/td>\r\n<\/tr>\r\n<\/tbody>\r\n<\/table>\r\n<h3>DIRETORIA REGIONAL <br \/>Regional Sul<\/h3>\r\n<table class=\"diretoria\" cellspacing=\"0\" cellpadding=\"0\">\r\n<tbody>\r\n<tr class=\"odd\">\r\n<td>Luciano Wilser da Costa Zarur<\/td>\r\n<\/tr>\r\n<tr>\r\n<td>Fernando Ant\u00f4nio da Costa Vieira<\/td>\r\n<\/tr>\r\n<tr class=\"odd\">\r\n<td>Jos\u00e9 Carlos Vieira Campos<\/td>\r\n<\/tr>\r\n<tr class=\"odd\">\r\n<td>Maria Fernanda Magalh\u00e3es Scelza<\/td>\r\n<\/tr>\r\n<tr class=\"odd\">\r\n<td>Viviane Ferreira de Lima<\/td>\r\n<\/tr>\r\n<\/tbody>\r\n<\/table>\r\n<h3>DIRETORIA REGIONAL <br \/>Regional Oeste \/ Base Estendida<\/h3>\r\n<table class=\"diretoria\" cellspacing=\"0\" cellpadding=\"0\">\r\n<tbody>\r\n<tr class=\"odd\">\r\n<td>F\u00e1bio Emidio Linhares de Souza<\/td>\r\n<\/tr>\r\n<tr>\r\n<td>Val\u00e9ria Cristina Rezende Lobo<\/td>\r\n<\/tr>\r\n<tr class=\"odd\">\r\n<td>Ricardo Carvalho de Faria<\/td>\r\n<\/tr>\r\n<tr class=\"odd\">\r\n<td>Wellington Freitas da Silva<\/td>\r\n<\/tr>\r\n<tr class=\"odd\">\r\n<td>Luiz Henrique Rodrigues Bandeira<\/td>\r\n<\/tr>\r\n<\/tbody>\r\n<\/table>\r\n<h3>DIRETORIA REGIONAL <br \/>Regional Barra \/ Jacarepagu\u00e1<\/h3>\r\n<table class=\"diretoria\" cellspacing=\"0\" cellpadding=\"0\">\r\n<tbody>\r\n<tr class=\"odd\">\r\n<td>Marcella Mendon\u00e7a da Fonseca<\/td>\r\n<\/tr>\r\n<tr>\r\n<td>Wladimir Cerveira de Alencar<\/td>\r\n<\/tr>\r\n<tr class=\"odd\">\r\n<td>Andr\u00e9a Oliveira Vicente<\/td>\r\n<\/tr>\r\n<tr class=\"odd\">\r\n<td>Gerson dos Santos Seabra<\/td>\r\n<\/tr>\r\n<tr class=\"odd\">\r\n<td>Elton Rodrigues de Souza<\/td>\r\n<\/tr>\r\n<\/tbody>\r\n<\/table>\r\n<h3>DIRETORIA REGIONAL <br \/>Regional Centro \/ Tijuca<\/h3>\r\n<table class=\"diretoria\" cellspacing=\"0\" cellpadding=\"0\">\r\n<tbody>\r\n<tr class=\"odd\">\r\n<td>Izabel Cristina Gomes da Costa<\/td>\r\n<\/tr>\r\n<tr>\r\n<td>Gisele Calamara C\u00e2mara Chaves<\/td>\r\n<\/tr>\r\n<tr class=\"odd\">\r\n<td>Luan Ribeiro de Ara\u00fajo<\/td>\r\n<\/tr>\r\n<tr class=\"odd\">\r\n<td>Mariana Souza Temoteo<\/td>\r\n<\/tr>\r\n<tr class=\"odd\">\r\n<td>Leonardo Fortes Gomes<\/td>\r\n<\/tr>\r\n<\/tbody>\r\n<\/table>\r\n<h3>DIRETORIA REGIONAL <br \/>Regional Central \/ Norte<\/h3>\r\n<table class=\"diretoria\" cellspacing=\"0\" cellpadding=\"0\">\r\n<tbody>\r\n<tr class=\"odd\">\r\n<td>Eliza Barbosa de Souza Estev\u00e3o<\/td>\r\n<\/tr>\r\n<tr>\r\n<td>Izabela Mendes da Silva<\/td>\r\n<\/tr>\r\n<tr class=\"odd\">\r\n<td>Julia Queiroz Ar\u00eaas<\/td>\r\n<\/tr>\r\n<tr class=\"odd\">\r\n<td>Jayram Saraiva Uch\u00f4a<\/td>\r\n<\/tr>\r\n<tr class=\"odd\">\r\n<td>Andr\u00e9 Luiz de Azevedo<\/td>\r\n<\/tr>\r\n<\/tbody>\r\n<\/table>\r\n<h3>DIRETORIA REGIONAL <br \/>Regional Leopoldina \/ Ilha<\/h3>\r\n<table class=\"diretoria\" cellspacing=\"0\" cellpadding=\"0\">\r\n<tbody>\r\n<tr class=\"odd\">\r\n<td>Vera L\u00facia Neri da Silva<\/td>\r\n<\/tr>\r\n<tr>\r\n<td>Aurino Baptista da Costa Junior<\/td>\r\n<\/tr>\r\n<tr class=\"odd\">\r\n<td>Maria Aparecida Santos de Oliveira<\/td>\r\n<\/tr>\r\n<tr class=\"odd\">\r\n<td>Marcelo Ferreira Sant\u00b4Anna<\/td>\r\n<\/tr>\r\n<tr class=\"odd\">\r\n<td>Magna Correia de Lima Duarte<\/td>\r\n<\/tr>\r\n<\/tbody>\r\n<\/table>\r\n<h3>CONSELHO FISCAL <br \/>Titulares<\/h3>\r\n<table class=\"diretoria\" cellspacing=\"0\" cellpadding=\"0\">\r\n<tbody>\r\n<tr class=\"odd\">\r\n<td>Mario Maturo Coutinho<\/td>\r\n<\/tr>\r\n<tr>\r\n<td>Leila dos Santos Azevedo<\/td>\r\n<\/tr>\r\n<tr class=\"odd\">\r\n<td>Gustavo Henrique Corn\u00e9lio<\/td>\r\n<\/tr>\r\n<\/tbody>\r\n<\/table>\r\n<h3>CONSELHO FISCAL <br \/>Suplentes<\/h3>\r\n<table class=\"diretoria\" cellspacing=\"0\" cellpadding=\"0\">\r\n<tbody>\r\n<tr class=\"odd\">\r\n<td>Maria Alice Alkmim Andrade<\/td>\r\n<\/tr>\r\n<tr>\r\n<td>Newvone Ferreira da Costa<\/td>\r\n<\/tr>\r\n<tr class=\"odd\">\r\n<td>Sheila de Lourdes Oliveira de Melo<\/td>\r\n<\/tr>\r\n<\/tbody>\r\n<\/table>\r\n<h3>DELEGADOS SINDICAIS<\/h3>\r\n<table class=\"diretoria\" cellspacing=\"0\" cellpadding=\"0\">\r\n<tbody>\r\n<tr class=\"odd\">\r\n<td>ADALGIZA BURITY DA SILVA<\/td>\r\n<\/tr>\r\n<tr class=\"odd\">\r\n<td>ADALTON DA MOTTA MENDON\u00c7A<\/td>\r\n<\/tr>\r\n<tr class=\"odd\">\r\n<td>ANTONIO CESAR PEREIRA<\/td>\r\n<\/tr>\r\n<tr class=\"odd\">\r\n<td>CARLOS ALBERTO ABSAL\u00c3O DE SOUZA<\/td>\r\n<\/tr>\r\n<tr class=\"odd\">\r\n<td>DEYSE DE SOUZA COUTINHO<\/td>\r\n<\/tr>\r\n<tr class=\"odd\">\r\n<td>DILSON RIBEIRO DA SILVEIRA<\/td>\r\n<\/tr>\r\n<tr class=\"odd\">\r\n<td>FATIMA RODRIGUES DA SILVA<\/td>\r\n<\/tr>\r\n<tr class=\"odd\">\r\n<td>HELOISA HELENA ANTAS TAVARES<\/td>\r\n<\/tr>\r\n<tr class=\"odd\">\r\n<td>HIRAN ROEDEL<\/td>\r\n<\/tr>\r\n<tr class=\"odd\">\r\n<td>IRENI FELIZARDO<\/td>\r\n<\/tr>\r\n<tr class=\"odd\">\r\n<td>IVANO COSTA SOUZA<\/td>\r\n<\/tr>\r\n<tr class=\"odd\">\r\n<td>JO\u00c3O PAULO C\u00c2MARA CHAVES<\/td>\r\n<\/tr>\r\n<tr class=\"odd\">\r\n<td>JOS\u00c9 RICARDO ANDRADE FERREIRA<\/td>\r\n<\/tr>\r\n<tr class=\"odd\">\r\n<td>LU\u00cdS AUGUSTO BORGES LE\u00c3O<\/td>\r\n<\/tr>\r\n<tr class=\"odd\">\r\n<td>LUIZ EDMUNDO VARGAS DE AGUIAR<\/td>\r\n<\/tr>\r\n<tr class=\"odd\">\r\n<td>MARCO TULIO PAOLINO<\/td>\r\n<\/tr>\r\n<tr class=\"odd\">\r\n<td>MARCOS ANTONIO RIBEIRO DA COSTA<\/td>\r\n<\/tr>\r\n<tr class=\"odd\">\r\n<td>MARIA EDUARDA QUIROGA P. FERNANDES<\/td>\r\n<\/tr>\r\n<tr class=\"odd\">\r\n<td>MARIA JOS\u00c9 DA CONCEI\u00c7\u00c3O LOUREN\u00c7O<\/td>\r\n<\/tr>\r\n<tr class=\"odd\">\r\n<td>MARINA JOB VASQUES DE F. ESP\u00cdRITO SANTO<\/td>\r\n<\/tr>\r\n<tr class=\"odd\">\r\n<td>MAUR\u00cdCIO RICARDO ALVES ROSSI<\/td>\r\n<\/tr>\r\n<tr class=\"odd\">\r\n<td>NEIDE HANAN<\/td>\r\n<\/tr>\r\n<tr class=\"odd\">\r\n<td>NORMA SIM\u00d5ES DE PAIVA<\/td>\r\n<\/tr>\r\n<tr class=\"odd\">\r\n<td>ORLANDO FALSETT FILHO<\/td>\r\n<\/tr>\r\n<tr class=\"odd\">\r\n<td>RICARDO FERREIRA LOUREN\u00c7O<\/td>\r\n<\/tr>\r\n<tr class=\"odd\">\r\n<td>ROBSON MALHEIROS<\/td>\r\n<\/tr>\r\n<tr class=\"odd\">\r\n<td>SOLANGE JOS\u00c9 DIAS<\/td>\r\n<\/tr>\r\n<tr class=\"odd\">\r\n<td>ULISSES ANDR\u00c9 DA SILVA<\/td>\r\n<\/tr>\r\n<tr class=\"odd\">\r\n<td>VALDECI BORGES<\/td>\r\n<\/tr>\r\n<tr class=\"odd\">\r\n<td>VANIA JUSSARA DA CRUZ BRETAS VILARINHO<\/td>\r\n<\/tr>\r\n<tr class=\"odd\">\r\n<td>VERA LUCIA SCHILLING DA C\u00c2MARA<\/td>\r\n<\/tr>\r\n<tr class=\"odd\">\r\n<td>YARA MARIA PEREIRA<\/td>\r\n<\/tr>\r\n<\/tbody>\r\n<\/table>\r\n<\/div>\r\n<\/div>\r\n\r\n\r\n\r\n<p>&nbsp;<\/p>\r\n","protected":false},"excerpt":{"rendered":"<p>Oi Sinpro SOBRE O SINPRO XX As sucessivas pol\u00edticas neoliberais nos anos FHC (1994-2002), com seus projetos antissociais e antissindicais, exigiu um novo sindicalismo, que fosse al\u00e9m da luta meramente corporativa e em a\u00e7\u00e3o para a defesa apenas do sal\u00e1rio, emprego e condi\u00e7\u00f5es de trabalho. Foi preciso que os sindicatos agissem tamb\u00e9m politicamente na busca [&hellip;]<\/p>\n","protected":false},"author":1,"featured_media":0,"parent":0,"menu_order":0,"comment_status":"closed","ping_status":"closed","template":"","meta":{"footnotes":""},"class_list":["post-24848","page","type-page","status-publish","hentry"],"yoast_head":"<!-- This site is optimized with the Yoast SEO plugin v25.7 - https:\/\/yoast.com\/wordpress\/plugins\/seo\/ -->\n<title>Quem somos - Sinpro-Rio<\/title>\n<meta name=\"robots\" content=\"index, follow, max-snippet:-1, max-image-preview:large, max-video-preview:-1\" \/>\n<link rel=\"canonical\" href=\"https:\/\/www.sinpro-rio.org.br\/principal\/quem-somos\/\" \/>\n<meta property=\"og:locale\" content=\"pt_BR\" \/>\n<meta property=\"og:type\" content=\"article\" \/>\n<meta property=\"og:title\" content=\"Quem somos - Sinpro-Rio\" \/>\n<meta property=\"og:description\" content=\"Oi Sinpro SOBRE O SINPRO XX As sucessivas pol\u00edticas neoliberais nos anos FHC (1994-2002), com seus projetos antissociais e antissindicais, exigiu um novo sindicalismo, que fosse al\u00e9m da luta meramente corporativa e em a\u00e7\u00e3o para a defesa apenas do sal\u00e1rio, emprego e condi\u00e7\u00f5es de trabalho. Foi preciso que os sindicatos agissem tamb\u00e9m politicamente na busca [&hellip;]\" \/>\n<meta property=\"og:url\" content=\"https:\/\/www.sinpro-rio.org.br\/principal\/quem-somos\/\" \/>\n<meta property=\"og:site_name\" content=\"Sinpro-Rio\" \/>\n<meta property=\"article:modified_time\" content=\"2026-04-29T14:55:39+00:00\" \/>\n<meta name=\"twitter:card\" content=\"summary_large_image\" \/>\n<meta name=\"twitter:label1\" content=\"Est. tempo de leitura\" \/>\n\t<meta name=\"twitter:data1\" content=\"4 minutos\" \/>\n<script type=\"application\/ld+json\" class=\"yoast-schema-graph\">{\"@context\":\"https:\/\/schema.org\",\"@graph\":[{\"@type\":\"WebPage\",\"@id\":\"https:\/\/www.sinpro-rio.org.br\/principal\/quem-somos\/\",\"url\":\"https:\/\/www.sinpro-rio.org.br\/principal\/quem-somos\/\",\"name\":\"Quem somos - Sinpro-Rio\",\"isPartOf\":{\"@id\":\"https:\/\/www.sinpro-rio.org.br\/principal\/#website\"},\"datePublished\":\"2019-05-14T20:43:30+00:00\",\"dateModified\":\"2026-04-29T14:55:39+00:00\",\"breadcrumb\":{\"@id\":\"https:\/\/www.sinpro-rio.org.br\/principal\/quem-somos\/#breadcrumb\"},\"inLanguage\":\"pt-BR\",\"potentialAction\":[{\"@type\":\"ReadAction\",\"target\":[\"https:\/\/www.sinpro-rio.org.br\/principal\/quem-somos\/\"]}]},{\"@type\":\"BreadcrumbList\",\"@id\":\"https:\/\/www.sinpro-rio.org.br\/principal\/quem-somos\/#breadcrumb\",\"itemListElement\":[{\"@type\":\"ListItem\",\"position\":1,\"name\":\"In\u00edcio\",\"item\":\"https:\/\/www.sinpro-rio.org.br\/principal\/\"},{\"@type\":\"ListItem\",\"position\":2,\"name\":\"Quem somos\"}]},{\"@type\":\"WebSite\",\"@id\":\"https:\/\/www.sinpro-rio.org.br\/principal\/#website\",\"url\":\"https:\/\/www.sinpro-rio.org.br\/principal\/\",\"name\":\"Sinpro-Rio\",\"description\":\"Sindicato dos Professores do Munic\u00edpio do Rio de Janeiro e Regi\u00e3o\",\"potentialAction\":[{\"@type\":\"SearchAction\",\"target\":{\"@type\":\"EntryPoint\",\"urlTemplate\":\"https:\/\/www.sinpro-rio.org.br\/principal\/?s={search_term_string}\"},\"query-input\":{\"@type\":\"PropertyValueSpecification\",\"valueRequired\":true,\"valueName\":\"search_term_string\"}}],\"inLanguage\":\"pt-BR\"}]}<\/script>\n<!-- \/ Yoast SEO plugin. -->","yoast_head_json":{"title":"Quem somos - Sinpro-Rio","robots":{"index":"index","follow":"follow","max-snippet":"max-snippet:-1","max-image-preview":"max-image-preview:large","max-video-preview":"max-video-preview:-1"},"canonical":"https:\/\/www.sinpro-rio.org.br\/principal\/quem-somos\/","og_locale":"pt_BR","og_type":"article","og_title":"Quem somos - Sinpro-Rio","og_description":"Oi Sinpro SOBRE O SINPRO XX As sucessivas pol\u00edticas neoliberais nos anos FHC (1994-2002), com seus projetos antissociais e antissindicais, exigiu um novo sindicalismo, que fosse al\u00e9m da luta meramente corporativa e em a\u00e7\u00e3o para a defesa apenas do sal\u00e1rio, emprego e condi\u00e7\u00f5es de trabalho. Foi preciso que os sindicatos agissem tamb\u00e9m politicamente na busca [&hellip;]","og_url":"https:\/\/www.sinpro-rio.org.br\/principal\/quem-somos\/","og_site_name":"Sinpro-Rio","article_modified_time":"2026-04-29T14:55:39+00:00","twitter_card":"summary_large_image","twitter_misc":{"Est. tempo de leitura":"4 minutos"},"schema":{"@context":"https:\/\/schema.org","@graph":[{"@type":"WebPage","@id":"https:\/\/www.sinpro-rio.org.br\/principal\/quem-somos\/","url":"https:\/\/www.sinpro-rio.org.br\/principal\/quem-somos\/","name":"Quem somos - Sinpro-Rio","isPartOf":{"@id":"https:\/\/www.sinpro-rio.org.br\/principal\/#website"},"datePublished":"2019-05-14T20:43:30+00:00","dateModified":"2026-04-29T14:55:39+00:00","breadcrumb":{"@id":"https:\/\/www.sinpro-rio.org.br\/principal\/quem-somos\/#breadcrumb"},"inLanguage":"pt-BR","potentialAction":[{"@type":"ReadAction","target":["https:\/\/www.sinpro-rio.org.br\/principal\/quem-somos\/"]}]},{"@type":"BreadcrumbList","@id":"https:\/\/www.sinpro-rio.org.br\/principal\/quem-somos\/#breadcrumb","itemListElement":[{"@type":"ListItem","position":1,"name":"In\u00edcio","item":"https:\/\/www.sinpro-rio.org.br\/principal\/"},{"@type":"ListItem","position":2,"name":"Quem somos"}]},{"@type":"WebSite","@id":"https:\/\/www.sinpro-rio.org.br\/principal\/#website","url":"https:\/\/www.sinpro-rio.org.br\/principal\/","name":"Sinpro-Rio","description":"Sindicato dos Professores do Munic\u00edpio do Rio de Janeiro e Regi\u00e3o","potentialAction":[{"@type":"SearchAction","target":{"@type":"EntryPoint","urlTemplate":"https:\/\/www.sinpro-rio.org.br\/principal\/?s={search_term_string}"},"query-input":{"@type":"PropertyValueSpecification","valueRequired":true,"valueName":"search_term_string"}}],"inLanguage":"pt-BR"}]}},"_links":{"self":[{"href":"https:\/\/www.sinpro-rio.org.br\/principal\/wp-json\/wp\/v2\/pages\/24848","targetHints":{"allow":["GET"]}}],"collection":[{"href":"https:\/\/www.sinpro-rio.org.br\/principal\/wp-json\/wp\/v2\/pages"}],"about":[{"href":"https:\/\/www.sinpro-rio.org.br\/principal\/wp-json\/wp\/v2\/types\/page"}],"author":[{"embeddable":true,"href":"https:\/\/www.sinpro-rio.org.br\/principal\/wp-json\/wp\/v2\/users\/1"}],"replies":[{"embeddable":true,"href":"https:\/\/www.sinpro-rio.org.br\/principal\/wp-json\/wp\/v2\/comments?post=24848"}],"version-history":[{"count":17,"href":"https:\/\/www.sinpro-rio.org.br\/principal\/wp-json\/wp\/v2\/pages\/24848\/revisions"}],"predecessor-version":[{"id":41820,"href":"https:\/\/www.sinpro-rio.org.br\/principal\/wp-json\/wp\/v2\/pages\/24848\/revisions\/41820"}],"wp:attachment":[{"href":"https:\/\/www.sinpro-rio.org.br\/principal\/wp-json\/wp\/v2\/media?parent=24848"}],"curies":[{"name":"wp","href":"https:\/\/api.w.org\/{rel}","templated":true}]}}