{"version":"1.0","provider_name":"Sinpro-Rio","provider_url":"https:\/\/www.sinpro-rio.org.br\/principal","author_name":"rafaelrjp","author_url":"https:\/\/www.sinpro-rio.org.br\/principal\/author\/rafaelrjp\/","title":"Nota de pesar: Jo\u00e3o Ubaldo Ribeiro - Sinpro-Rio","type":"rich","width":600,"height":338,"html":"<blockquote class=\"wp-embedded-content\" data-secret=\"lVnGXtPpPJ\"><a href=\"https:\/\/www.sinpro-rio.org.br\/principal\/nota-de-pesar-jo-o-ubaldo-ribeiro\/\">Nota de pesar: Jo\u00e3o Ubaldo Ribeiro<\/a><\/blockquote><iframe sandbox=\"allow-scripts\" security=\"restricted\" src=\"https:\/\/www.sinpro-rio.org.br\/principal\/nota-de-pesar-jo-o-ubaldo-ribeiro\/embed\/#?secret=lVnGXtPpPJ\" width=\"600\" height=\"338\" title=\"&#8220;Nota de pesar: Jo\u00e3o Ubaldo Ribeiro&#8221; &#8212; Sinpro-Rio\" data-secret=\"lVnGXtPpPJ\" frameborder=\"0\" marginwidth=\"0\" marginheight=\"0\" scrolling=\"no\" class=\"wp-embedded-content\"><\/iframe><script type=\"text\/javascript\">\n\/* <![CDATA[ *\/\n\/*! This file is auto-generated *\/\n!function(d,l){\"use strict\";l.querySelector&&d.addEventListener&&\"undefined\"!=typeof URL&&(d.wp=d.wp||{},d.wp.receiveEmbedMessage||(d.wp.receiveEmbedMessage=function(e){var t=e.data;if((t||t.secret||t.message||t.value)&&!\/[^a-zA-Z0-9]\/.test(t.secret)){for(var s,r,n,a=l.querySelectorAll('iframe[data-secret=\"'+t.secret+'\"]'),o=l.querySelectorAll('blockquote[data-secret=\"'+t.secret+'\"]'),c=new RegExp(\"^https?:$\",\"i\"),i=0;i<o.length;i++)o[i].style.display=\"none\";for(i=0;i<a.length;i++)s=a[i],e.source===s.contentWindow&&(s.removeAttribute(\"style\"),\"height\"===t.message?(1e3<(r=parseInt(t.value,10))?r=1e3:~~r<200&&(r=200),s.height=r):\"link\"===t.message&&(r=new URL(s.getAttribute(\"src\")),n=new URL(t.value),c.test(n.protocol))&&n.host===r.host&&l.activeElement===s&&(d.top.location.href=t.value))}},d.addEventListener(\"message\",d.wp.receiveEmbedMessage,!1),l.addEventListener(\"DOMContentLoaded\",function(){for(var e,t,s=l.querySelectorAll(\"iframe.wp-embedded-content\"),r=0;r<s.length;r++)(t=(e=s[r]).getAttribute(\"data-secret\"))||(t=Math.random().toString(36).substring(2,12),e.src+=\"#?secret=\"+t,e.setAttribute(\"data-secret\",t)),e.contentWindow.postMessage({message:\"ready\",secret:t},\"*\")},!1)))}(window,document);\n\/* ]]> *\/\n<\/script>\n","description":"21\/07\/2014 O Sinpro-Rio lamenta a morte do jornalista, escritor e acad\u00eamico brasileiro Jo\u00e3o Ubaldo Ribeiro, que faleceu aos 73 anos na \u00faltima sexta-feira, dia 18, v\u00edtima de embolia pulmonar. O escritor foi professor da Escola de Administra\u00e7\u00e3o e da Faculdade de Filosofia da Universidade Federal da Bahia e tamb\u00e9m professor da Escola de Administra\u00e7\u00e3o da [&hellip;]"}